{"id":5559,"date":"2025-12-04T09:36:26","date_gmt":"2025-12-04T08:36:26","guid":{"rendered":"http:\/\/bruxelles.aideetsoinsadomicile.be\/?post_type=offre-demploi&#038;p=5559"},"modified":"2025-12-16T11:28:48","modified_gmt":"2025-12-16T10:28:48","slug":"aide-familial%c2%b7e-f-h-x","status":"publish","type":"offre-demploi","link":"https:\/\/bruxelles.aideetsoinsadomicile.be\/en\/offre-demploi\/aide-familial%c2%b7e-f-h-x\/","title":{"rendered":"Aide-familial\u00b7e (F\/H\/X)"},"content":{"rendered":"<h2 class=\"wp-block-heading\">Contexte<\/h2>\n\n\n\n<p>Aide &amp; Soins \u00e0 Domicile (ASD) Bruxelles est une organisation de pr\u00e8s de 300 travailleurs et travailleuses et se compose de trois services: l\u2019Aide \u00e0 la Vie Journali\u00e8re (AVJ), les Soins Infirmiers (SI) et la Coordination des aides et soins.<\/p>\n\n\n\n<p>ASD Bruxelles offre une gamme d\u2019aides et de soins \u00e0 la population bruxelloise exprimant le d\u00e9sir de\u202fvivre \u00e0 domicile tout en b\u00e9n\u00e9ficiant d&rsquo;un accompagnement adapt\u00e9. Nous sommes en constante \u00e9volution afin de nous adapter aux besoins. Notre but est d\u2019y r\u00e9pondre de mani\u00e8re optimale et de permettre un maintien \u00e0 domicile dans les meilleures conditions possibles.<\/p>\n\n\n\n<p>ASD Bruxelles pr\u00f4ne des valeurs telles que la diversit\u00e9 et l\u2019inclusion.<br>Besoin d\u2019informations \u00e0 ce propos? Ecrivez-nous.<\/p>\n\n\n\n<p><strong>Pour plus d\u2019informations&nbsp;<\/strong><br><a href=\"http:\/\/bruxelles.aideetsoinsadomicile.be\/fr\" target=\"_blank\" rel=\"noopener noreferrer nofollow\">http:\/\/bruxelles.aideetsoinsadomicile.be\/fr<\/a><\/p>\n\n\n\n<h2 class=\"wp-block-heading\">Place dans l\u2019organisation<\/h2>\n\n\n\n<p>Le service de l\u2019Aide \u00e0 la vie journali\u00e8re (AVJ) est compos\u00e9 d\u2019Aide-familiaux\u00b7ales, d\u2019Aide-m\u00e9nager\u00b7\u00e8res et d\u2019Aides \u00e0 l\u2019entretien m\u00e9nager. Chaque secteur a son \u00e9quipe et son\u00b7a Responsable d\u2019\u00e9quipe d\u2019aides \u00e0 domicile.<\/p>\n\n\n\n<p>L\u2019Aide-familial\u00b7e d\u00e9pend hi\u00e9rarchiquement du\u00b7de Responsable d\u2019\u00e9quipe d\u2019aides \u00e0 domicile.<\/p>\n\n\n\n<h2 class=\"wp-block-heading\">Description de la fonction<\/h2>\n\n\n\n<p>L\u2019Aide-familial\u00b7e assure une intervention aupr\u00e8s de personnes \u00e2g\u00e9es, de familles, de personnes malades ou handicap\u00e9es, en difficult\u00e9 pour accomplir des actes de la vie quotidienne. Son r\u00f4le est de permettre le maintien \u00e0 domicile de ces personnes en pr\u00e9servant et en stimulant leur autonomie, et en veillant \u00e0 leur qualit\u00e9 de vie.<\/p>\n\n\n\n<h2 class=\"wp-block-heading\">Missions et t\u00e2ches<\/h2>\n\n\n\n<h3 class=\"wp-block-heading\">Missions principales<\/h3>\n\n\n\n<ul class=\"wp-block-list\">\n<li><strong>Aide \u00e0 la vie quotidienne<\/strong>: entretien du linge, repassage, courses, raccommodage, pr\u00e9paration et aide \u00e0 la prise des repas, entretien courant des pi\u00e8ces habit\u00e9es, aide aux d\u00e9placements, aide pr\u00e9- ou postnatale\u2026<\/li>\n\n\n\n<li><strong>R\u00f4le sanitaire<\/strong>: toilette, changement des protections en cas d\u2019incontinence, soins des cheveux, assistance \u00e0 l\u2019habillage, veille dans la prise correcte des m\u00e9dicaments\u2026<\/li>\n<\/ul>\n\n\n\n<h3 class=\"wp-block-heading\">Missions transversales<\/h3>\n\n\n\n<ul class=\"wp-block-list\">\n<li><strong>R\u00f4le \u00e9ducatif<\/strong>: conseils d\u2019hygi\u00e8ne de vie et d\u2019adaptation du logement, soutien aux familles, \u00e9valuation et stimulation des potentialit\u00e9s\u2026<\/li>\n\n\n\n<li><strong>Aide relationnelle<\/strong>: \u00e9coute, identification des difficult\u00e9s, soutien par la pr\u00e9sence, dialogue\u2026<\/li>\n\n\n\n<li><strong>Aide sociale<\/strong>: d\u00e9marches administratives, aide \u00e0 l\u2019organisation du budget, orientation vers les services ad\u00e9quats\u2026<\/li>\n\n\n\n<li><strong>Soutien<\/strong>: encourager le d\u00e9veloppement, le maintien ou la restauration de l\u2019autonomie de l\u2019usager\u00b7\u00e8re tout en apportant un soutien aux aidant\u00b7es-proches<\/li>\n<\/ul>\n\n\n\n<p>Les missions et t\u00e2ches sont \u00e9tablies par la\u00b7e Responsable d\u2019\u00e9quipe d\u2019aides \u00e0 domicile selon un plan d\u2019aide.<\/p>\n\n\n\n<h2 class=\"wp-block-heading\">Profil et comp\u00e9tences<\/h2>\n\n\n\n<h3 class=\"wp-block-heading\">Profil requis<\/h3>\n\n\n\n<ul class=\"wp-block-list\">\n<li>\u00catre en possession du <strong>CESS<\/strong> (technique\/professionnel)&nbsp;et d\u2019un <strong>certificat, attestation ou dipl\u00f4me d\u2019auxiliaire familial\u00b7e et sanitaire<\/strong>.<\/li>\n\n\n\n<li><strong>Extrait de casier judiciaire vierge<\/strong> (mod\u00e8le 2) conforme aux exigences repris pour la fonction<\/li>\n<\/ul>\n\n\n\n<h3 class=\"wp-block-heading\">Comp\u00e9tences et connaissances requises (par ordre alphab\u00e9tique)<\/h3>\n\n\n\n<ul class=\"wp-block-list\">\n<li>Capacit\u00e9 \u00e0 se d\u00e9placer sur le territoire de la r\u00e9gion de Bruxelles Capitale<\/li>\n\n\n\n<li>Capacit\u00e9 \u00e0 travailler dans un service organis\u00e9 et au sein d\u2019une \u00e9quipe<\/li>\n\n\n\n<li>Capacit\u00e9 \u00e0 travailler en autonomie \u00e0 domicile tout en respectant les directives de service d\u00e9cid\u00e9es en r\u00e9union d\u2019\u00e9quipe<\/li>\n\n\n\n<li>Contact humain, \u00e9coute et capacit\u00e9 \u00e0 entrer en relation<\/li>\n\n\n\n<li>D\u00e9montrer une capacit\u00e9 d\u2019observation, de r\u00e9flexion, d\u2019analyse et de transmission d\u2019informations autour des situations rencontr\u00e9es<\/li>\n\n\n\n<li>\u00catre capable de r\u00e9agir en cas de situation exceptionnelle<\/li>\n\n\n\n<li>Faire preuve de rigueur dans le suivi des consignes administratives<\/li>\n\n\n\n<li>Flexibilit\u00e9 permettant de s\u2019adapter aux situations de vie \u00e0 domicile<\/li>\n\n\n\n<li>Savoir-faire dans les actes d\u2019aide \u00e0 la vie quotidienne<\/li>\n<\/ul>\n\n\n\n<h2 class=\"wp-block-heading\">Offre<\/h2>\n\n\n\n<ul class=\"wp-block-list\">\n<li>Un travail \u00e9panouissant, motivant et vari\u00e9<\/li>\n\n\n\n<li>Contrat de remplacement (<strong>CDR<\/strong>) \u2013 <strong>Full-time<\/strong><\/li>\n\n\n\n<li>R\u00e9mun\u00e9ration conforme au bar\u00e8me l\u00e9gal de la SCP 318.01<\/li>\n\n\n\n<li><strong>Prime de fin d\u2019ann\u00e9e<\/strong><\/li>\n\n\n\n<li>20 jours de <strong>cong\u00e9s l\u00e9gaux<\/strong>, cong\u00e9s d\u2019<strong>anciennet\u00e9<\/strong> (1 jour tous les 5 ans), 4 jours de cong\u00e9 <strong>trimestriel<\/strong><\/li>\n\n\n\n<li>Intervention dans le remboursement kilom\u00e9trique d\u00e9placement domicile-lieu de travail ou<\/li>\n\n\n\n<li>Prise en charge \u00e0 100% de l\u2019abonnement <strong>Brupass<\/strong> et de la part patronale de l\u2019abonnement <strong>SNCB<\/strong><\/li>\n\n\n\n<li>Smartphone de fonction<\/li>\n\n\n\n<li>Assurance vie priv\u00e9e<\/li>\n\n\n\n<li>Acc\u00e8s \u00e0 de nombreuses formations<\/li>\n\n\n\n<li>Avantages financiers chez des partenaires<\/li>\n\n\n\n<li>Entr\u00e9e en fonction&nbsp;d\u00e8s que possible<\/li>\n<\/ul>\n\n\n\n<h3 class=\"wp-block-heading\">Bon \u00e0 savoir<\/h3>\n\n\n\n<p>Notre organisation pr\u00f4nant des valeurs telles que la diversit\u00e9 et l\u2019inclusion assure que toutes les candidatures seront r\u00e9ceptionn\u00e9es et trait\u00e9es. Si un am\u00e9nagement raisonnable est n\u00e9cessaire, veuillez nous pr\u00e9venir dans votre courriel de candidature afin que nous puissions faire le n\u00e9cessaire pour vous accueillir.<\/p>\n\n\n\n<p>Si vous souhaitez obtenir des informations \u00e0 propos de l&rsquo;offre d&#8217;emploi, vous pouvez vous adresser \u00e0 <a href=\"mailto:recrutement.bxl@fasd.be\">recrutement.bxl@fasd.be<\/a>. <\/p>","protected":false},"author":14,"featured_media":5839,"parent":0,"template":"","format":"standard","meta":{"_acf_changed":false,"_seopress_robots_primary_cat":"","_seopress_titles_title":"","_seopress_titles_desc":"","_seopress_robots_index":"","footnotes":""},"categories":[35],"diplome":[235],"fonction":[178],"region":[10],"service_tax":[25],"statut":[],"temps-de-travail":[217],"type-de-contrat":[40],"class_list":["post-5559","offre-demploi","type-offre-demploi","status-publish","format-standard","has-post-thumbnail","hentry","category-offres-demploi-cat","diplome-certification","fonction-aide-familiale","region-bruxelles","service_tax-aide-familiale","temps-de-travail-temps-plein","type-de-contrat-cdd"],"acf":[],"_links":{"self":[{"href":"https:\/\/bruxelles.aideetsoinsadomicile.be\/en\/wp-json\/wp\/v2\/offre-demploi\/5559","targetHints":{"allow":["GET"]}}],"collection":[{"href":"https:\/\/bruxelles.aideetsoinsadomicile.be\/en\/wp-json\/wp\/v2\/offre-demploi"}],"about":[{"href":"https:\/\/bruxelles.aideetsoinsadomicile.be\/en\/wp-json\/wp\/v2\/types\/offre-demploi"}],"author":[{"embeddable":true,"href":"https:\/\/bruxelles.aideetsoinsadomicile.be\/en\/wp-json\/wp\/v2\/users\/14"}],"version-history":[{"count":10,"href":"https:\/\/bruxelles.aideetsoinsadomicile.be\/en\/wp-json\/wp\/v2\/offre-demploi\/5559\/revisions"}],"predecessor-version":[{"id":6297,"href":"https:\/\/bruxelles.aideetsoinsadomicile.be\/en\/wp-json\/wp\/v2\/offre-demploi\/5559\/revisions\/6297"}],"wp:featuredmedia":[{"embeddable":true,"href":"https:\/\/bruxelles.aideetsoinsadomicile.be\/en\/wp-json\/wp\/v2\/media\/5839"}],"wp:attachment":[{"href":"https:\/\/bruxelles.aideetsoinsadomicile.be\/en\/wp-json\/wp\/v2\/media?parent=5559"}],"wp:term":[{"taxonomy":"category","embeddable":true,"href":"https:\/\/bruxelles.aideetsoinsadomicile.be\/en\/wp-json\/wp\/v2\/categories?post=5559"},{"taxonomy":"diplome","embeddable":true,"href":"https:\/\/bruxelles.aideetsoinsadomicile.be\/en\/wp-json\/wp\/v2\/diplome?post=5559"},{"taxonomy":"fonction","embeddable":true,"href":"https:\/\/bruxelles.aideetsoinsadomicile.be\/en\/wp-json\/wp\/v2\/fonction?post=5559"},{"taxonomy":"region","embeddable":true,"href":"https:\/\/bruxelles.aideetsoinsadomicile.be\/en\/wp-json\/wp\/v2\/region?post=5559"},{"taxonomy":"service_tax","embeddable":true,"href":"https:\/\/bruxelles.aideetsoinsadomicile.be\/en\/wp-json\/wp\/v2\/service_tax?post=5559"},{"taxonomy":"statut","embeddable":true,"href":"https:\/\/bruxelles.aideetsoinsadomicile.be\/en\/wp-json\/wp\/v2\/statut?post=5559"},{"taxonomy":"temps-de-travail","embeddable":true,"href":"https:\/\/bruxelles.aideetsoinsadomicile.be\/en\/wp-json\/wp\/v2\/temps-de-travail?post=5559"},{"taxonomy":"type-de-contrat","embeddable":true,"href":"https:\/\/bruxelles.aideetsoinsadomicile.be\/en\/wp-json\/wp\/v2\/type-de-contrat?post=5559"}],"curies":[{"name":"wp","href":"https:\/\/api.w.org\/{rel}","templated":true}]}}