{"id":4223,"date":"2025-10-01T15:34:36","date_gmt":"2025-10-01T13:34:36","guid":{"rendered":"http:\/\/bruxelles.aideetsoinsadomicile.be\/blog\/service\/prise-de-de-sang-et-prelevement\/"},"modified":"2026-04-28T13:01:18","modified_gmt":"2026-04-28T11:01:18","slug":"prise-de-sang-et-prelevement","status":"publish","type":"service","link":"https:\/\/bruxelles.aideetsoinsadomicile.be\/de\/service\/prise-de-sang-et-prelevement\/","title":{"rendered":"Blutentnahme und Probenahme"},"content":{"rendered":"<p><b><span data-contrast=\"none\">En fonction des besoins<\/span><\/b><span data-ccp-props=\"{&quot;134245418&quot;:true,&quot;134245529&quot;:true,&quot;335559738&quot;:280,&quot;335559739&quot;:80}\">\u00a0<\/span><\/p>\n<ul>\n<li data-leveltext=\"\uf0b7\" data-font=\"Symbol\" data-listid=\"31\" data-list-defn-props=\"{&quot;335552541&quot;:1,&quot;335559685&quot;:360,&quot;335559991&quot;:360,&quot;469769226&quot;:&quot;Symbol&quot;,&quot;469769242&quot;:[8226],&quot;469777803&quot;:&quot;left&quot;,&quot;469777804&quot;:&quot;\uf0b7&quot;,&quot;469777815&quot;:&quot;multilevel&quot;}\" data-aria-posinset=\"1\" data-aria-level=\"1\"><span data-contrast=\"auto\">Acheminement vers le laboratoire d\u2019analyses<\/span><span data-ccp-props=\"{&quot;201341983&quot;:0,&quot;335551550&quot;:1,&quot;335551620&quot;:1,&quot;335559740&quot;:259}\">\u00a0<\/span><\/li>\n<\/ul>\n<ul>\n<li data-leveltext=\"\uf0b7\" data-font=\"Symbol\" data-listid=\"31\" data-list-defn-props=\"{&quot;335552541&quot;:1,&quot;335559685&quot;:360,&quot;335559991&quot;:360,&quot;469769226&quot;:&quot;Symbol&quot;,&quot;469769242&quot;:[8226],&quot;469777803&quot;:&quot;left&quot;,&quot;469777804&quot;:&quot;\uf0b7&quot;,&quot;469777815&quot;:&quot;multilevel&quot;}\" data-aria-posinset=\"2\" data-aria-level=\"1\"><span data-contrast=\"auto\">Pr\u00e9l\u00e8vements de sang veineux, capillaires\u00a0<\/span><span data-ccp-props=\"{&quot;201341983&quot;:0,&quot;335551550&quot;:1,&quot;335551620&quot;:1,&quot;335559740&quot;:259}\">\u00a0<\/span><\/li>\n<\/ul>\n<ul>\n<li data-leveltext=\"\uf0b7\" data-font=\"Symbol\" data-listid=\"31\" data-list-defn-props=\"{&quot;335552541&quot;:1,&quot;335559685&quot;:360,&quot;335559991&quot;:360,&quot;469769226&quot;:&quot;Symbol&quot;,&quot;469769242&quot;:[8226],&quot;469777803&quot;:&quot;left&quot;,&quot;469777804&quot;:&quot;\uf0b7&quot;,&quot;469777815&quot;:&quot;multilevel&quot;}\" data-aria-posinset=\"3\" data-aria-level=\"1\"><span data-contrast=\"auto\">Pr\u00e9l\u00e8vements de s\u00e9cr\u00e9tion et d\u2019excr\u00e9tions\u202f(urine, selles\u2026)<\/span><span data-ccp-props=\"{&quot;201341983&quot;:0,&quot;335551550&quot;:1,&quot;335551620&quot;:1,&quot;335559740&quot;:259}\">\u00a0<\/span><\/li>\n<\/ul>\n<ul>\n<li data-leveltext=\"\uf0b7\" data-font=\"Symbol\" data-listid=\"31\" data-list-defn-props=\"{&quot;335552541&quot;:1,&quot;335559685&quot;:360,&quot;335559991&quot;:360,&quot;469769226&quot;:&quot;Symbol&quot;,&quot;469769242&quot;:[8226],&quot;469777803&quot;:&quot;left&quot;,&quot;469777804&quot;:&quot;\uf0b7&quot;,&quot;469777815&quot;:&quot;multilevel&quot;}\" data-aria-posinset=\"4\" data-aria-level=\"1\"><span data-contrast=\"auto\">Respect des r\u00e8gles d\u2019asepsie et s\u00e9curit\u00e9 des \u00e9chantillons<\/span><span data-ccp-props=\"{&quot;201341983&quot;:0,&quot;335551550&quot;:1,&quot;335551620&quot;:1,&quot;335559740&quot;:259}\">\u00a0<\/span><\/li>\n<\/ul>\n<p><b><span data-contrast=\"none\">Organisation pens\u00e9e pour le bien-\u00eatre \u00e0 domicile\u00a0<\/span><\/b><span data-ccp-props=\"{&quot;134245418&quot;:true,&quot;134245529&quot;:true,&quot;335559738&quot;:280,&quot;335559739&quot;:80}\">\u00a0<\/span><\/p>\n<p><span data-contrast=\"auto\">Chaque patient est suivi par un infirmier ou un aide-soignant, en lien avec une \u00e9quipe coordonn\u00e9e et supervis\u00e9e par un infirmier en chef. L\u2019\u00e9quipe se coordonne de mani\u00e8re fluide afin de garantir la continuit\u00e9 et la qualit\u00e9 des soins.<\/span><span data-ccp-props=\"{}\">\u00a0<\/span><\/p>\n<p><span data-ccp-props=\"{}\">\u00a0<\/span><\/p>\n<p><span data-contrast=\"auto\">Les soins sont assur\u00e9s tous les jours entre 07h30 et 21h, avec un ou plusieurs passages selon les besoins.\u00a0<\/span><span data-ccp-props=\"{}\">\u00a0<\/span><\/p>\n<p><b><span data-contrast=\"none\">Permanence t\u00e9l\u00e9phonique\u00a0<\/span><\/b><span data-ccp-props=\"{&quot;134245418&quot;:true,&quot;134245529&quot;:true,&quot;335559738&quot;:280,&quot;335559739&quot;:80}\">\u00a0<\/span><\/p>\n<p><span data-contrast=\"auto\">Notre service dispose d\u2019une permanence t\u00e9l\u00e9phonique 24h\/24 et 7j\/7.\u00a0<\/span><span data-ccp-props=\"{}\">\u00a0<\/span><\/p>\n<p><b><span data-contrast=\"none\">Tarification<\/span><\/b><span data-ccp-props=\"{&quot;134245418&quot;:true,&quot;134245529&quot;:true,&quot;335559738&quot;:280,&quot;335559739&quot;:80}\">\u00a0<\/span><\/p>\n<p><span data-contrast=\"auto\">Les tarifs sont encadr\u00e9s et peuvent varier selon le type de prestation, la situation personnelle ou le r\u00e9gime de soins.<\/span><span data-ccp-props=\"{}\">\u00a0<\/span><\/p>\n<p><span data-ccp-props=\"{}\">\u00a0<\/span><\/p>\n<p><span data-contrast=\"auto\">Nos \u00e9quipes accompagnent au quotidien avec comp\u00e9tence et humanit\u00e9, pour des soins \u00e0 domicile en toute confiance et de qualit\u00e9.<\/span><span data-ccp-props=\"{}\">\u00a0<\/span><\/p>\n<p><span data-ccp-props=\"{}\">\u00a0<\/span><\/p>\n<p><b><span data-contrast=\"auto\">BRABANT WALLON &#8211; BRUXELLES &#8211; HAINAUT ORIENTAL &#8211; HAINAUT PICARDIE &#8211; LI\u00c8GE &#8211; LUXEMBOURG &#8211; NAMUR &#8211; VERVIERS &#8211; OSTBELGIEN<\/span><\/b><span data-ccp-props=\"{&quot;201341983&quot;:0,&quot;335551550&quot;:1,&quot;335551620&quot;:1,&quot;335559739&quot;:160,&quot;335559740&quot;:259}\">\u00a0<\/span><\/p>","protected":false},"author":1,"featured_media":6495,"parent":0,"menu_order":7,"template":"","format":"standard","meta":{"_acf_changed":false,"_seopress_robots_primary_cat":"","_seopress_titles_title":"","_seopress_titles_desc":"","_seopress_robots_index":"","footnotes":""},"region":[11,10,12,13,14,15,16,17,18],"service_tax":[24],"type-de-service":[38],"class_list":["post-4223","service","type-service","status-publish","format-standard","has-post-thumbnail","hentry","region-brabant-wallon","region-bruxelles","region-hainaut-oriental","region-hainaut-picardie","region-liege-huy-waremme","region-luxembourg","region-namur","region-ostbelgien","region-verviers","service_tax-soins-infirmiers","type-de-service-soins-infirmiers"],"acf":{"url_icone_du_service":4264,"descriptif_rapide":"<ul>\r\n \t<li>Acheminement vers le laboratoire d\u2019analyses<\/li>\r\n \t<li>Pr\u00e9l\u00e8vements de sang veineux, capillaires<\/li>\r\n \t<li>Pr\u00e9l\u00e8vements de s\u00e9cr\u00e9tion et d\u2019excr\u00e9tions\u202f(urine, selles\u2026)<\/li>\r\n \t<li>Respect des r\u00e8gles d\u2019asepsie et s\u00e9curit\u00e9 des \u00e9chantillons<\/li>\r\n \t<li>Prise en charge par des infirmier\u00b7\u00e8res form\u00e9\u00b7es et comp\u00e9tent\u00b7es<\/li>\r\n<\/ul>","descriptif_complet":"Nos \u00e9quipes pratiquent tous types de pr\u00e9l\u00e8vements \u00e0 domicile","quels_soins_proposons_nous":"<ul>\r\n \t<li>Acheminement vers le laboratoire d\u2019analyses<\/li>\r\n \t<li>Pr\u00e9l\u00e8vements de sang veineux, capillaires<\/li>\r\n \t<li>Pr\u00e9l\u00e8vements de s\u00e9cr\u00e9tion et d\u2019excr\u00e9tions\u202f(urine, selles\u2026)<\/li>\r\n \t<li>Respect des r\u00e8gles d\u2019asepsie et s\u00e9curit\u00e9 des \u00e9chantillons<\/li>\r\n \t<li>Prise en charge par des infirmier\u00b7\u00e8res form\u00e9\u00b7es et comp\u00e9tent\u00b7es<\/li>\r\n<\/ul>","une_organisation_pensee_pour_votre_confort_":"<span data-contrast=\"auto\">Chaque patient\u00b7e est suivi\u00b7e par un\u00b7e infirmier\u00b7\u00e8re ou un\u00b7e aide-soignant\u00b7e, en lien avec une \u00e9quipe coordonn\u00e9e et supervis\u00e9e par une infirmi\u00e8re en cheffe, Responsable du service. L\u2019\u00e9quipe se coordonne afin de garantir la continuit\u00e9 et la qualit\u00e9 des soins en fonction de chaque besoin.\u00a0<\/span><span data-ccp-props=\"{}\">\u00a0<\/span>\r\n\r\n<span data-contrast=\"auto\">Les soins sont assur\u00e9s tous les jours entre 07h30 et 19h, avec un ou plusieurs passages selon les besoins.<\/span>","en_cas_d\u2019urgence_":"<span class=\"TextRun SCXW3515131 BCX0\" lang=\"FR\" xml:lang=\"FR\" data-contrast=\"auto\"><span class=\"NormalTextRun SCXW3515131 BCX0\">N<\/span><span class=\"NormalTextRun SCXW3515131 BCX0\">otre service\u00a0<\/span><span class=\"NormalTextRun SCXW3515131 BCX0\">est disponible par t\u00e9l\u00e9phone<\/span><span class=\"NormalTextRun SCXW3515131 BCX0\">\u00a0du lundi au vendredi de 08h \u00e0 16h<\/span><span class=\"NormalTextRun SCXW3515131 BCX0\">.<\/span><\/span>\r\n\r\n<span class=\"TextRun SCXW3515131 BCX0\" lang=\"FR\" xml:lang=\"FR\" data-contrast=\"auto\"><span class=\"NormalTextRun SCXW3515131 BCX0\">Pour les demandes urgentes<\/span><\/span><span class=\"TextRun SCXW3515131 BCX0\" lang=\"FR\" xml:lang=\"FR\" data-contrast=\"auto\"><span class=\"NormalTextRun SCXW3515131 BCX0\">, <\/span><span class=\"NormalTextRun SCXW3515131 BCX0\">un service de garde <\/span><span class=\"NormalTextRun SCXW3515131 BCX0\">est disponible par t\u00e9l\u00e9phone<\/span> <span class=\"NormalTextRun SCXW3515131 BCX0\">en dehors de nos horaires<\/span><span class=\"NormalTextRun SCXW3515131 BCX0\">,<\/span> <span class=\"NormalTextRun SCXW3515131 BCX0\">24h\/24 et 7j\/7.\u00a0<\/span><\/span><span class=\"EOP SCXW3515131 BCX0\" data-ccp-props=\"{}\">\u00a0<\/span>","tarification":"<span data-contrast=\"auto\">Les tarifs sont encadr\u00e9s et peuvent varier selon le type de prestation, la situation personnelle ou le r\u00e9gime de soins.<\/span><span data-ccp-props=\"{}\">\u00a0<\/span>\r\n\r\n<span data-contrast=\"auto\">Pour conna\u00eetre les conditions qui s\u2019appliquent, vous pouvez nous contacter au\u00a0<strong>02\u00a0647 03 66<\/strong>.<\/span>","phrase_de_cloture":"Nos \u00e9quipes accompagnent au quotidien avec comp\u00e9tence et humanit\u00e9, pour des soins \u00e0 domicile en toute confiance et de qualit\u00e9.\u00a0"},"_links":{"self":[{"href":"https:\/\/bruxelles.aideetsoinsadomicile.be\/de\/wp-json\/wp\/v2\/service\/4223","targetHints":{"allow":["GET"]}}],"collection":[{"href":"https:\/\/bruxelles.aideetsoinsadomicile.be\/de\/wp-json\/wp\/v2\/service"}],"about":[{"href":"https:\/\/bruxelles.aideetsoinsadomicile.be\/de\/wp-json\/wp\/v2\/types\/service"}],"author":[{"embeddable":true,"href":"https:\/\/bruxelles.aideetsoinsadomicile.be\/de\/wp-json\/wp\/v2\/users\/1"}],"version-history":[{"count":10,"href":"https:\/\/bruxelles.aideetsoinsadomicile.be\/de\/wp-json\/wp\/v2\/service\/4223\/revisions"}],"predecessor-version":[{"id":6315,"href":"https:\/\/bruxelles.aideetsoinsadomicile.be\/de\/wp-json\/wp\/v2\/service\/4223\/revisions\/6315"}],"wp:featuredmedia":[{"embeddable":true,"href":"https:\/\/bruxelles.aideetsoinsadomicile.be\/de\/wp-json\/wp\/v2\/media\/6495"}],"wp:attachment":[{"href":"https:\/\/bruxelles.aideetsoinsadomicile.be\/de\/wp-json\/wp\/v2\/media?parent=4223"}],"wp:term":[{"taxonomy":"region","embeddable":true,"href":"https:\/\/bruxelles.aideetsoinsadomicile.be\/de\/wp-json\/wp\/v2\/region?post=4223"},{"taxonomy":"service_tax","embeddable":true,"href":"https:\/\/bruxelles.aideetsoinsadomicile.be\/de\/wp-json\/wp\/v2\/service_tax?post=4223"},{"taxonomy":"type-de-service","embeddable":true,"href":"https:\/\/bruxelles.aideetsoinsadomicile.be\/de\/wp-json\/wp\/v2\/type-de-service?post=4223"}],"curies":[{"name":"wp","href":"https:\/\/api.w.org\/{rel}","templated":true}]}}